{"id":5551,"date":"2022-02-08T21:07:12","date_gmt":"2022-02-08T21:07:12","guid":{"rendered":"https:\/\/giordanabg.com\/nos-realisations\/"},"modified":"2025-06-10T11:05:20","modified_gmt":"2025-06-10T11:05:20","slug":"nos-realisations","status":"publish","type":"page","link":"https:\/\/giordanabg.com\/fr\/nos-realisations\/","title":{"rendered":"Nos r\u00e9alisations"},"content":{"rendered":"\t\t<div data-elementor-type=\"wp-page\" data-elementor-id=\"5551\" class=\"elementor elementor-5551 elementor-23\">\n\t\t\t\t\t\t<section class=\"elementor-section elementor-top-section elementor-element elementor-element-4e53750 elementor-section-boxed elementor-section-height-default elementor-section-height-default\" data-id=\"4e53750\" data-element_type=\"section\" data-e-type=\"section\">\n\t\t\t\t\t\t<div class=\"elementor-container elementor-column-gap-default\">\n\t\t\t\t\t<div class=\"elementor-column elementor-col-100 elementor-top-column elementor-element elementor-element-373b3d1\" data-id=\"373b3d1\" data-element_type=\"column\" data-e-type=\"column\">\n\t\t\t<div class=\"elementor-widget-wrap elementor-element-populated\">\n\t\t\t\t\t\t<div class=\"elementor-element elementor-element-66199cd elementor-widget elementor-widget-heading\" data-id=\"66199cd\" data-element_type=\"widget\" data-e-type=\"widget\" data-widget_type=\"heading.default\">\n\t\t\t\t<div class=\"elementor-widget-container\">\n\t\t\t\t\t<h2 class=\"elementor-heading-title elementor-size-default\">Travaux de construction<\/h2>\t\t\t\t<\/div>\n\t\t\t\t<\/div>\n\t\t\t\t<div class=\"elementor-element elementor-element-54db224 elementor-widget elementor-widget-image-gallery\" data-id=\"54db224\" data-element_type=\"widget\" data-e-type=\"widget\" data-widget_type=\"image-gallery.default\">\n\t\t\t\t<div class=\"elementor-widget-container\">\n\t\t\t\t\t\t\t<div class=\"elementor-image-gallery\">\n\t\t\t\n\t\t<style type=\"text\/css\">\n\t\t\t#gallery-1 {\n\t\t\t\tmargin: auto;\n\t\t\t}\n\t\t\t#gallery-1 .gallery-item {\n\t\t\t\tfloat: left;\n\t\t\t\tmargin-top: 10px;\n\t\t\t\ttext-align: center;\n\t\t\t\twidth: 25%;\n\t\t\t}\n\t\t\t#gallery-1 img {\n\t\t\t\tborder: 2px solid #cfcfcf;\n\t\t\t}\n\t\t\t#gallery-1 .gallery-caption {\n\t\t\t\tmargin-left: 0;\n\t\t\t}\n\t\t\t\/* see gallery_shortcode() in wp-includes\/media.php *\/\n\t\t<\/style>\n\t\t<div id='gallery-1' class='gallery galleryid-5551 gallery-columns-4 gallery-size-full'><dl class='gallery-item'>\n\t\t\t<dt class='gallery-icon landscape'>\n\t\t\t\t<a data-elementor-open-lightbox=\"yes\" data-elementor-lightbox-slideshow=\"54db224\" data-elementor-lightbox-title=\"restauro-patrimonio-edilizio-portico-antico-fossano\" data-elementor-lightbox-description=\"restauro di portico antico sito a Fossano\" data-e-action-hash=\"#elementor-action%3Aaction%3Dlightbox%26settings%3DeyJpZCI6NDg3NiwidXJsIjoiaHR0cHM6XC9cL2dpb3JkYW5hYmcuY29tXC93cC1jb250ZW50XC91cGxvYWRzXC8yMDIzXC8wMlwvcmVzdGF1cm8tcGF0cmltb25pby1lZGlsaXppby1wb3J0aWNvLWFudGljby1mb3NzYW5vLXNjYWxlZC53ZWJwIiwic2xpZGVzaG93IjoiNTRkYjIyNCJ9\" href='https:\/\/giordanabg.com\/wp-content\/uploads\/2023\/02\/restauro-patrimonio-edilizio-portico-antico-fossano-scaled.webp'><img fetchpriority=\"high\" decoding=\"async\" width=\"2560\" height=\"1920\" src=\"https:\/\/giordanabg.com\/wp-content\/uploads\/2023\/02\/restauro-patrimonio-edilizio-portico-antico-fossano-scaled.webp\" class=\"attachment-full size-full\" alt=\"\" aria-describedby=\"gallery-1-4876\" srcset=\"https:\/\/giordanabg.com\/wp-content\/uploads\/2023\/02\/restauro-patrimonio-edilizio-portico-antico-fossano-scaled.webp 2560w, https:\/\/giordanabg.com\/wp-content\/uploads\/2023\/02\/restauro-patrimonio-edilizio-portico-antico-fossano-300x225.webp 300w, https:\/\/giordanabg.com\/wp-content\/uploads\/2023\/02\/restauro-patrimonio-edilizio-portico-antico-fossano-1024x768.webp 1024w, https:\/\/giordanabg.com\/wp-content\/uploads\/2023\/02\/restauro-patrimonio-edilizio-portico-antico-fossano-768x576.webp 768w, https:\/\/giordanabg.com\/wp-content\/uploads\/2023\/02\/restauro-patrimonio-edilizio-portico-antico-fossano-1536x1152.webp 1536w, https:\/\/giordanabg.com\/wp-content\/uploads\/2023\/02\/restauro-patrimonio-edilizio-portico-antico-fossano-2048x1536.webp 2048w, https:\/\/giordanabg.com\/wp-content\/uploads\/2023\/02\/restauro-patrimonio-edilizio-portico-antico-fossano-600x450.webp 600w\" sizes=\"(max-width: 2560px) 100vw, 2560px\" \/><\/a>\n\t\t\t<\/dt>\n\t\t\t\t<dd class='wp-caption-text gallery-caption' id='gallery-1-4876'>\n\t\t\t\trestauro di portico antico sito a Fossano\n\t\t\t\t<\/dd><\/dl><dl class='gallery-item'>\n\t\t\t<dt class='gallery-icon landscape'>\n\t\t\t\t<a data-elementor-open-lightbox=\"yes\" data-elementor-lightbox-slideshow=\"54db224\" data-elementor-lightbox-title=\"tegole-1\" data-elementor-lightbox-description=\"restauro di portico antico sito a Fossano\" data-e-action-hash=\"#elementor-action%3Aaction%3Dlightbox%26settings%3DeyJpZCI6NDgyOCwidXJsIjoiaHR0cHM6XC9cL2dpb3JkYW5hYmcuY29tXC93cC1jb250ZW50XC91cGxvYWRzXC8yMDIyXC8xMlwvdGVnb2xlLTEud2VicCIsInNsaWRlc2hvdyI6IjU0ZGIyMjQifQ%3D%3D\" href='https:\/\/giordanabg.com\/wp-content\/uploads\/2022\/12\/tegole-1.webp'><img decoding=\"async\" width=\"1503\" height=\"1000\" src=\"https:\/\/giordanabg.com\/wp-content\/uploads\/2022\/12\/tegole-1.webp\" class=\"attachment-full size-full\" alt=\"\" srcset=\"https:\/\/giordanabg.com\/wp-content\/uploads\/2022\/12\/tegole-1.webp 1503w, https:\/\/giordanabg.com\/wp-content\/uploads\/2022\/12\/tegole-1-300x200.webp 300w, https:\/\/giordanabg.com\/wp-content\/uploads\/2022\/12\/tegole-1-1024x681.webp 1024w, https:\/\/giordanabg.com\/wp-content\/uploads\/2022\/12\/tegole-1-768x511.webp 768w, https:\/\/giordanabg.com\/wp-content\/uploads\/2022\/12\/tegole-1-600x399.webp 600w\" sizes=\"(max-width: 1503px) 100vw, 1503px\" \/><\/a>\n\t\t\t<\/dt><\/dl><dl class='gallery-item'>\n\t\t\t<dt class='gallery-icon landscape'>\n\t\t\t\t<a data-elementor-open-lightbox=\"yes\" data-elementor-lightbox-slideshow=\"54db224\" data-elementor-lightbox-title=\"cappotto-termico\" data-elementor-lightbox-description=\"restauro di portico antico sito a Fossano\" data-e-action-hash=\"#elementor-action%3Aaction%3Dlightbox%26settings%3DeyJpZCI6NDU2NiwidXJsIjoiaHR0cHM6XC9cL2dpb3JkYW5hYmcuY29tXC93cC1jb250ZW50XC91cGxvYWRzXC8yMDIxXC8xMlwvY2FwcG90dG8tdGVybWljby5qcGciLCJzbGlkZXNob3ciOiI1NGRiMjI0In0%3D\" href='https:\/\/giordanabg.com\/wp-content\/uploads\/2021\/12\/cappotto-termico.jpg'><img decoding=\"async\" width=\"1503\" height=\"1000\" src=\"https:\/\/giordanabg.com\/wp-content\/uploads\/2021\/12\/cappotto-termico.jpg\" class=\"attachment-full size-full\" alt=\"\" srcset=\"https:\/\/giordanabg.com\/wp-content\/uploads\/2021\/12\/cappotto-termico.jpg 1503w, https:\/\/giordanabg.com\/wp-content\/uploads\/2021\/12\/cappotto-termico-300x200.jpg 300w, https:\/\/giordanabg.com\/wp-content\/uploads\/2021\/12\/cappotto-termico-1024x681.jpg 1024w, https:\/\/giordanabg.com\/wp-content\/uploads\/2021\/12\/cappotto-termico-768x511.jpg 768w, https:\/\/giordanabg.com\/wp-content\/uploads\/2021\/12\/cappotto-termico-600x399.jpg 600w\" sizes=\"(max-width: 1503px) 100vw, 1503px\" \/><\/a>\n\t\t\t<\/dt><\/dl><dl class='gallery-item'>\n\t\t\t<dt class='gallery-icon landscape'>\n\t\t\t\t<a data-elementor-open-lightbox=\"yes\" data-elementor-lightbox-slideshow=\"54db224\" data-elementor-lightbox-title=\"cappotto-dopo\" data-elementor-lightbox-description=\"restauro di portico antico sito a Fossano\" data-e-action-hash=\"#elementor-action%3Aaction%3Dlightbox%26settings%3DeyJpZCI6NDU1NCwidXJsIjoiaHR0cHM6XC9cL2dpb3JkYW5hYmcuY29tXC93cC1jb250ZW50XC91cGxvYWRzXC8yMDIyXC8wN1wvY2FwcG90dG8tZG9wby5qcGciLCJzbGlkZXNob3ciOiI1NGRiMjI0In0%3D\" href='https:\/\/giordanabg.com\/wp-content\/uploads\/2022\/07\/cappotto-dopo.jpg'><img loading=\"lazy\" decoding=\"async\" width=\"1600\" height=\"1200\" src=\"https:\/\/giordanabg.com\/wp-content\/uploads\/2022\/07\/cappotto-dopo.jpg\" class=\"attachment-full size-full\" alt=\"\" srcset=\"https:\/\/giordanabg.com\/wp-content\/uploads\/2022\/07\/cappotto-dopo.jpg 1600w, https:\/\/giordanabg.com\/wp-content\/uploads\/2022\/07\/cappotto-dopo-300x225.jpg 300w, https:\/\/giordanabg.com\/wp-content\/uploads\/2022\/07\/cappotto-dopo-1024x768.jpg 1024w, https:\/\/giordanabg.com\/wp-content\/uploads\/2022\/07\/cappotto-dopo-768x576.jpg 768w, https:\/\/giordanabg.com\/wp-content\/uploads\/2022\/07\/cappotto-dopo-1536x1152.jpg 1536w, https:\/\/giordanabg.com\/wp-content\/uploads\/2022\/07\/cappotto-dopo-600x450.jpg 600w\" sizes=\"(max-width: 1600px) 100vw, 1600px\" \/><\/a>\n\t\t\t<\/dt><\/dl><br style=\"clear: both\" \/><dl class='gallery-item'>\n\t\t\t<dt class='gallery-icon portrait'>\n\t\t\t\t<a data-elementor-open-lightbox=\"yes\" data-elementor-lightbox-slideshow=\"54db224\" data-elementor-lightbox-title=\"restauro-edilizio-patrimonio-fossano\" data-elementor-lightbox-description=\"fine lavori di tinteggiatura condominio a Fossano\" data-e-action-hash=\"#elementor-action%3Aaction%3Dlightbox%26settings%3DeyJpZCI6NDg5OCwidXJsIjoiaHR0cHM6XC9cL2dpb3JkYW5hYmcuY29tXC93cC1jb250ZW50XC91cGxvYWRzXC8yMDIyXC8wMlwvcmVzdGF1cm8tZWRpbGl6aW8tcGF0cmltb25pby1mb3NzYW5vLXNjYWxlZC53ZWJwIiwic2xpZGVzaG93IjoiNTRkYjIyNCJ9\" href='https:\/\/giordanabg.com\/wp-content\/uploads\/2022\/02\/restauro-edilizio-patrimonio-fossano-scaled.webp'><img loading=\"lazy\" decoding=\"async\" width=\"1920\" height=\"2560\" src=\"https:\/\/giordanabg.com\/wp-content\/uploads\/2022\/02\/restauro-edilizio-patrimonio-fossano-scaled.webp\" class=\"attachment-full size-full\" alt=\"\" aria-describedby=\"gallery-1-4898\" srcset=\"https:\/\/giordanabg.com\/wp-content\/uploads\/2022\/02\/restauro-edilizio-patrimonio-fossano-scaled.webp 1920w, https:\/\/giordanabg.com\/wp-content\/uploads\/2022\/02\/restauro-edilizio-patrimonio-fossano-225x300.webp 225w, https:\/\/giordanabg.com\/wp-content\/uploads\/2022\/02\/restauro-edilizio-patrimonio-fossano-768x1024.webp 768w, https:\/\/giordanabg.com\/wp-content\/uploads\/2022\/02\/restauro-edilizio-patrimonio-fossano-1152x1536.webp 1152w, https:\/\/giordanabg.com\/wp-content\/uploads\/2022\/02\/restauro-edilizio-patrimonio-fossano-1536x2048.webp 1536w, https:\/\/giordanabg.com\/wp-content\/uploads\/2022\/02\/restauro-edilizio-patrimonio-fossano-600x800.webp 600w\" sizes=\"(max-width: 1920px) 100vw, 1920px\" \/><\/a>\n\t\t\t<\/dt>\n\t\t\t\t<dd class='wp-caption-text gallery-caption' id='gallery-1-4898'>\n\t\t\t\tfine lavori di tinteggiatura condominio a Fossano\n\t\t\t\t<\/dd><\/dl><dl class='gallery-item'>\n\t\t\t<dt class='gallery-icon portrait'>\n\t\t\t\t<a data-elementor-open-lightbox=\"yes\" data-elementor-lightbox-slideshow=\"54db224\" data-elementor-lightbox-title=\"dettaglio-tegole-fossano\" data-elementor-lightbox-description=\"fine lavori di tinteggiatura condominio a Fossano\" data-e-action-hash=\"#elementor-action%3Aaction%3Dlightbox%26settings%3DeyJpZCI6NDkxOCwidXJsIjoiaHR0cHM6XC9cL2dpb3JkYW5hYmcuY29tXC93cC1jb250ZW50XC91cGxvYWRzXC8yMDIyXC8wMlwvZGV0dGFnbGlvLXRlZ29sZS1mb3NzYW5vLmpwZyIsInNsaWRlc2hvdyI6IjU0ZGIyMjQifQ%3D%3D\" href='https:\/\/giordanabg.com\/wp-content\/uploads\/2022\/02\/dettaglio-tegole-fossano.jpg'><img loading=\"lazy\" decoding=\"async\" width=\"480\" height=\"640\" src=\"https:\/\/giordanabg.com\/wp-content\/uploads\/2022\/02\/dettaglio-tegole-fossano.jpg\" class=\"attachment-full size-full\" alt=\"\" srcset=\"https:\/\/giordanabg.com\/wp-content\/uploads\/2022\/02\/dettaglio-tegole-fossano.jpg 480w, https:\/\/giordanabg.com\/wp-content\/uploads\/2022\/02\/dettaglio-tegole-fossano-225x300.jpg 225w\" sizes=\"(max-width: 480px) 100vw, 480px\" \/><\/a>\n\t\t\t<\/dt><\/dl>\n\t\t\t<br style='clear: both' \/>\n\t\t<\/div>\n\t\t<\/div>\n\t\t\t\t\t\t<\/div>\n\t\t\t\t<\/div>\n\t\t\t\t<div class=\"elementor-element elementor-element-c7b89ab elementor-widget elementor-widget-heading\" data-id=\"c7b89ab\" data-element_type=\"widget\" data-e-type=\"widget\" data-widget_type=\"heading.default\">\n\t\t\t\t<div class=\"elementor-widget-container\">\n\t\t\t\t\t<h2 class=\"elementor-heading-title elementor-size-default\">D\u00e9samiantage et \u00e9limination de l'amiante<\/h2>\t\t\t\t<\/div>\n\t\t\t\t<\/div>\n\t\t\t\t<div class=\"elementor-element elementor-element-4f6836f elementor-widget elementor-widget-image-gallery\" data-id=\"4f6836f\" data-element_type=\"widget\" data-e-type=\"widget\" data-widget_type=\"image-gallery.default\">\n\t\t\t\t<div class=\"elementor-widget-container\">\n\t\t\t\t\t\t\t<div class=\"elementor-image-gallery\">\n\t\t\t\n\t\t<style type=\"text\/css\">\n\t\t\t#gallery-2 {\n\t\t\t\tmargin: auto;\n\t\t\t}\n\t\t\t#gallery-2 .gallery-item {\n\t\t\t\tfloat: left;\n\t\t\t\tmargin-top: 10px;\n\t\t\t\ttext-align: center;\n\t\t\t\twidth: 25%;\n\t\t\t}\n\t\t\t#gallery-2 img {\n\t\t\t\tborder: 2px solid #cfcfcf;\n\t\t\t}\n\t\t\t#gallery-2 .gallery-caption {\n\t\t\t\tmargin-left: 0;\n\t\t\t}\n\t\t\t\/* see gallery_shortcode() in wp-includes\/media.php *\/\n\t\t<\/style>\n\t\t<div id='gallery-2' class='gallery galleryid-5551 gallery-columns-4 gallery-size-full'><dl class='gallery-item'>\n\t\t\t<dt class='gallery-icon landscape'>\n\t\t\t\t<a data-elementor-open-lightbox=\"yes\" data-elementor-lightbox-slideshow=\"4f6836f\" data-elementor-lightbox-title=\"lastre di copertura contenenti amianto\" data-elementor-lightbox-description=\"lastre di copertura contenenti amianto \" data-e-action-hash=\"#elementor-action%3Aaction%3Dlightbox%26settings%3DeyJpZCI6NDc0NiwidXJsIjoiaHR0cHM6XC9cL2dpb3JkYW5hYmcuY29tXC93cC1jb250ZW50XC91cGxvYWRzXC8yMDIyXC8wN1wvY29wZXJ0dXJhLWxhc3RyZS1hbWlhbnRvLWJvbmlmaWNhcmUuanBnIiwic2xpZGVzaG93IjoiNGY2ODM2ZiJ9\" href='https:\/\/giordanabg.com\/wp-content\/uploads\/2022\/07\/copertura-lastre-amianto-bonificare.jpg'><img loading=\"lazy\" decoding=\"async\" width=\"2560\" height=\"1920\" src=\"https:\/\/giordanabg.com\/wp-content\/uploads\/2022\/07\/copertura-lastre-amianto-bonificare.jpg\" class=\"attachment-full size-full\" alt=\"\" aria-describedby=\"gallery-2-4746\" srcset=\"https:\/\/giordanabg.com\/wp-content\/uploads\/2022\/07\/copertura-lastre-amianto-bonificare.jpg 2560w, https:\/\/giordanabg.com\/wp-content\/uploads\/2022\/07\/copertura-lastre-amianto-bonificare-300x225.jpg 300w, https:\/\/giordanabg.com\/wp-content\/uploads\/2022\/07\/copertura-lastre-amianto-bonificare-1024x768.jpg 1024w, https:\/\/giordanabg.com\/wp-content\/uploads\/2022\/07\/copertura-lastre-amianto-bonificare-768x576.jpg 768w, https:\/\/giordanabg.com\/wp-content\/uploads\/2022\/07\/copertura-lastre-amianto-bonificare-1536x1152.jpg 1536w, https:\/\/giordanabg.com\/wp-content\/uploads\/2022\/07\/copertura-lastre-amianto-bonificare-2048x1536.jpg 2048w, https:\/\/giordanabg.com\/wp-content\/uploads\/2022\/07\/copertura-lastre-amianto-bonificare-600x450.jpg 600w\" sizes=\"(max-width: 2560px) 100vw, 2560px\" \/><\/a>\n\t\t\t<\/dt>\n\t\t\t\t<dd class='wp-caption-text gallery-caption' id='gallery-2-4746'>\n\t\t\t\tlastre di copertura contenenti amianto \n\t\t\t\t<\/dd><\/dl><dl class='gallery-item'>\n\t\t\t<dt class='gallery-icon landscape'>\n\t\t\t\t<a data-elementor-open-lightbox=\"yes\" data-elementor-lightbox-slideshow=\"4f6836f\" data-elementor-lightbox-title=\"copertura-lastre-amianto-compatto-rimozione-bonifica-tetto\" data-elementor-lightbox-description=\"copertura in lastre amianto compatto lavori in corso di bonifica e rimozione amianto compatto \" data-e-action-hash=\"#elementor-action%3Aaction%3Dlightbox%26settings%3DeyJpZCI6NDY0NiwidXJsIjoiaHR0cHM6XC9cL2dpb3JkYW5hYmcuY29tXC93cC1jb250ZW50XC91cGxvYWRzXC8yMDIyXC8wOFwvY29wZXJ0dXJhLWxhc3RyZS1hbWlhbnRvLWNvbXBhdHRvLXJpbW96aW9uZS1ib25pZmljYS10ZXR0by5qcGciLCJzbGlkZXNob3ciOiI0ZjY4MzZmIn0%3D\" href='https:\/\/giordanabg.com\/wp-content\/uploads\/2022\/08\/copertura-lastre-amianto-compatto-rimozione-bonifica-tetto.jpg'><img loading=\"lazy\" decoding=\"async\" width=\"2048\" height=\"1536\" src=\"https:\/\/giordanabg.com\/wp-content\/uploads\/2022\/08\/copertura-lastre-amianto-compatto-rimozione-bonifica-tetto.jpg\" class=\"attachment-full size-full\" alt=\"\" aria-describedby=\"gallery-2-4646\" srcset=\"https:\/\/giordanabg.com\/wp-content\/uploads\/2022\/08\/copertura-lastre-amianto-compatto-rimozione-bonifica-tetto.jpg 2048w, https:\/\/giordanabg.com\/wp-content\/uploads\/2022\/08\/copertura-lastre-amianto-compatto-rimozione-bonifica-tetto-300x225.jpg 300w, https:\/\/giordanabg.com\/wp-content\/uploads\/2022\/08\/copertura-lastre-amianto-compatto-rimozione-bonifica-tetto-1024x768.jpg 1024w, https:\/\/giordanabg.com\/wp-content\/uploads\/2022\/08\/copertura-lastre-amianto-compatto-rimozione-bonifica-tetto-768x576.jpg 768w, https:\/\/giordanabg.com\/wp-content\/uploads\/2022\/08\/copertura-lastre-amianto-compatto-rimozione-bonifica-tetto-1536x1152.jpg 1536w, https:\/\/giordanabg.com\/wp-content\/uploads\/2022\/08\/copertura-lastre-amianto-compatto-rimozione-bonifica-tetto-600x450.jpg 600w\" sizes=\"(max-width: 2048px) 100vw, 2048px\" \/><\/a>\n\t\t\t<\/dt>\n\t\t\t\t<dd class='wp-caption-text gallery-caption' id='gallery-2-4646'>\n\t\t\t\tcopertura in lastre amianto compatto lavori in corso di bonifica e rimozione amianto compatto \n\t\t\t\t<\/dd><\/dl><dl class='gallery-item'>\n\t\t\t<dt class='gallery-icon landscape'>\n\t\t\t\t<a data-elementor-open-lightbox=\"yes\" data-elementor-lightbox-slideshow=\"4f6836f\" data-elementor-lightbox-title=\"rifacimento-tetto-amianto-lastre\" data-elementor-lightbox-description=\"Rimozione totale delle lastre in amianto con sostituzione in lamiera multigreca\" data-e-action-hash=\"#elementor-action%3Aaction%3Dlightbox%26settings%3DeyJpZCI6NDU3MiwidXJsIjoiaHR0cHM6XC9cL2dpb3JkYW5hYmcuY29tXC93cC1jb250ZW50XC91cGxvYWRzXC8yMDIyXC8wN1wvcmlmYWNpbWVudG8tdGV0dG8uanBnIiwic2xpZGVzaG93IjoiNGY2ODM2ZiJ9\" href='https:\/\/giordanabg.com\/wp-content\/uploads\/2022\/07\/rifacimento-tetto.jpg'><img loading=\"lazy\" decoding=\"async\" width=\"1503\" height=\"1000\" src=\"https:\/\/giordanabg.com\/wp-content\/uploads\/2022\/07\/rifacimento-tetto.jpg\" class=\"attachment-full size-full\" alt=\"\" aria-describedby=\"gallery-2-4572\" srcset=\"https:\/\/giordanabg.com\/wp-content\/uploads\/2022\/07\/rifacimento-tetto.jpg 1503w, https:\/\/giordanabg.com\/wp-content\/uploads\/2022\/07\/rifacimento-tetto-300x200.jpg 300w, https:\/\/giordanabg.com\/wp-content\/uploads\/2022\/07\/rifacimento-tetto-1024x681.jpg 1024w, https:\/\/giordanabg.com\/wp-content\/uploads\/2022\/07\/rifacimento-tetto-768x511.jpg 768w, https:\/\/giordanabg.com\/wp-content\/uploads\/2022\/07\/rifacimento-tetto-600x399.jpg 600w\" sizes=\"(max-width: 1503px) 100vw, 1503px\" \/><\/a>\n\t\t\t<\/dt>\n\t\t\t\t<dd class='wp-caption-text gallery-caption' id='gallery-2-4572'>\n\t\t\t\tRimozione totale delle lastre in amianto con sostituzione in lamiera multigreca\n\t\t\t\t<\/dd><\/dl><dl class='gallery-item'>\n\t\t\t<dt class='gallery-icon landscape'>\n\t\t\t\t<a data-elementor-open-lightbox=\"yes\" data-elementor-lightbox-slideshow=\"4f6836f\" data-elementor-lightbox-title=\"rimozione-amianto-facciata\" data-elementor-lightbox-description=\"Rimozione totale delle lastre in amianto con sostituzione in lamiera multigreca\" data-e-action-hash=\"#elementor-action%3Aaction%3Dlightbox%26settings%3DeyJpZCI6NDU3MCwidXJsIjoiaHR0cHM6XC9cL2dpb3JkYW5hYmcuY29tXC93cC1jb250ZW50XC91cGxvYWRzXC8yMDIyXC8wN1wvcmltb3ppb25lLWFtaWFudG8tZmFjY2lhdGEuanBnIiwic2xpZGVzaG93IjoiNGY2ODM2ZiJ9\" href='https:\/\/giordanabg.com\/wp-content\/uploads\/2022\/07\/rimozione-amianto-facciata.jpg'><img loading=\"lazy\" decoding=\"async\" width=\"1503\" height=\"1000\" src=\"https:\/\/giordanabg.com\/wp-content\/uploads\/2022\/07\/rimozione-amianto-facciata.jpg\" class=\"attachment-full size-full\" alt=\"\" srcset=\"https:\/\/giordanabg.com\/wp-content\/uploads\/2022\/07\/rimozione-amianto-facciata.jpg 1503w, https:\/\/giordanabg.com\/wp-content\/uploads\/2022\/07\/rimozione-amianto-facciata-300x200.jpg 300w, https:\/\/giordanabg.com\/wp-content\/uploads\/2022\/07\/rimozione-amianto-facciata-1024x681.jpg 1024w, https:\/\/giordanabg.com\/wp-content\/uploads\/2022\/07\/rimozione-amianto-facciata-768x511.jpg 768w, https:\/\/giordanabg.com\/wp-content\/uploads\/2022\/07\/rimozione-amianto-facciata-600x399.jpg 600w\" sizes=\"(max-width: 1503px) 100vw, 1503px\" \/><\/a>\n\t\t\t<\/dt><\/dl><br style=\"clear: both\" \/>\n\t\t<\/div>\n\t\t<\/div>\n\t\t\t\t\t\t<\/div>\n\t\t\t\t<\/div>\n\t\t\t\t<div class=\"elementor-element elementor-element-e854609 elementor-widget elementor-widget-heading\" data-id=\"e854609\" data-element_type=\"widget\" data-e-type=\"widget\" data-widget_type=\"heading.default\">\n\t\t\t\t<div class=\"elementor-widget-container\">\n\t\t\t\t\t<h2 class=\"elementor-heading-title elementor-size-default\">Travaux de g\u00e9nie civil<\/h2>\t\t\t\t<\/div>\n\t\t\t\t<\/div>\n\t\t\t\t<div class=\"elementor-element elementor-element-55c4651 elementor-widget elementor-widget-image-gallery\" data-id=\"55c4651\" data-element_type=\"widget\" data-e-type=\"widget\" data-widget_type=\"image-gallery.default\">\n\t\t\t\t<div class=\"elementor-widget-container\">\n\t\t\t\t\t\t\t<div class=\"elementor-image-gallery\">\n\t\t\t\n\t\t<style type=\"text\/css\">\n\t\t\t#gallery-3 {\n\t\t\t\tmargin: auto;\n\t\t\t}\n\t\t\t#gallery-3 .gallery-item {\n\t\t\t\tfloat: left;\n\t\t\t\tmargin-top: 10px;\n\t\t\t\ttext-align: center;\n\t\t\t\twidth: 25%;\n\t\t\t}\n\t\t\t#gallery-3 img {\n\t\t\t\tborder: 2px solid #cfcfcf;\n\t\t\t}\n\t\t\t#gallery-3 .gallery-caption {\n\t\t\t\tmargin-left: 0;\n\t\t\t}\n\t\t\t\/* see gallery_shortcode() in wp-includes\/media.php *\/\n\t\t<\/style>\n\t\t<div id='gallery-3' class='gallery galleryid-5551 gallery-columns-4 gallery-size-full'><dl class='gallery-item'>\n\t\t\t<dt class='gallery-icon portrait'>\n\t\t\t\t<a data-elementor-open-lightbox=\"yes\" data-elementor-lightbox-slideshow=\"55c4651\" data-elementor-lightbox-title=\"fioriera finita vista davanti\" data-elementor-lightbox-description=\"fioriera finita vista davanti\" data-e-action-hash=\"#elementor-action%3Aaction%3Dlightbox%26settings%3DeyJpZCI6NDk3OCwidXJsIjoiaHR0cHM6XC9cL2dpb3JkYW5hYmcuY29tXC93cC1jb250ZW50XC91cGxvYWRzXC8yMDIzXC8wNlwvZmlvcmllcmEtZmluaXRhLXZpc3RhLWRhdmFudGkud2VicCIsInNsaWRlc2hvdyI6IjU1YzQ2NTEifQ%3D%3D\" href='https:\/\/giordanabg.com\/wp-content\/uploads\/2023\/06\/fioriera-finita-vista-davanti.webp'><img loading=\"lazy\" decoding=\"async\" width=\"1200\" height=\"1600\" src=\"https:\/\/giordanabg.com\/wp-content\/uploads\/2023\/06\/fioriera-finita-vista-davanti.webp\" class=\"attachment-full size-full\" alt=\"\" aria-describedby=\"gallery-3-4978\" srcset=\"https:\/\/giordanabg.com\/wp-content\/uploads\/2023\/06\/fioriera-finita-vista-davanti.webp 1200w, https:\/\/giordanabg.com\/wp-content\/uploads\/2023\/06\/fioriera-finita-vista-davanti-225x300.webp 225w, https:\/\/giordanabg.com\/wp-content\/uploads\/2023\/06\/fioriera-finita-vista-davanti-768x1024.webp 768w, https:\/\/giordanabg.com\/wp-content\/uploads\/2023\/06\/fioriera-finita-vista-davanti-1152x1536.webp 1152w, https:\/\/giordanabg.com\/wp-content\/uploads\/2023\/06\/fioriera-finita-vista-davanti-600x800.webp 600w\" sizes=\"(max-width: 1200px) 100vw, 1200px\" \/><\/a>\n\t\t\t<\/dt>\n\t\t\t\t<dd class='wp-caption-text gallery-caption' id='gallery-3-4978'>\n\t\t\t\tfioriera finita vista davanti\n\t\t\t\t<\/dd><\/dl><dl class='gallery-item'>\n\t\t\t<dt class='gallery-icon portrait'>\n\t\t\t\t<a data-elementor-open-lightbox=\"yes\" data-elementor-lightbox-slideshow=\"55c4651\" data-elementor-lightbox-title=\"fioriera finita vista interna\" data-elementor-lightbox-description=\"fioriera finita vista davanti\" data-e-action-hash=\"#elementor-action%3Aaction%3Dlightbox%26settings%3DeyJpZCI6NDk4MCwidXJsIjoiaHR0cHM6XC9cL2dpb3JkYW5hYmcuY29tXC93cC1jb250ZW50XC91cGxvYWRzXC8yMDIzXC8wNlwvZmlvcmllcmEtZmluaXRhLXZpc3RhLWludGVybmEud2VicCIsInNsaWRlc2hvdyI6IjU1YzQ2NTEifQ%3D%3D\" href='https:\/\/giordanabg.com\/wp-content\/uploads\/2023\/06\/fioriera-finita-vista-interna.webp'><img loading=\"lazy\" decoding=\"async\" width=\"1200\" height=\"1600\" src=\"https:\/\/giordanabg.com\/wp-content\/uploads\/2023\/06\/fioriera-finita-vista-interna.webp\" class=\"attachment-full size-full\" alt=\"\" srcset=\"https:\/\/giordanabg.com\/wp-content\/uploads\/2023\/06\/fioriera-finita-vista-interna.webp 1200w, https:\/\/giordanabg.com\/wp-content\/uploads\/2023\/06\/fioriera-finita-vista-interna-225x300.webp 225w, https:\/\/giordanabg.com\/wp-content\/uploads\/2023\/06\/fioriera-finita-vista-interna-768x1024.webp 768w, https:\/\/giordanabg.com\/wp-content\/uploads\/2023\/06\/fioriera-finita-vista-interna-1152x1536.webp 1152w, https:\/\/giordanabg.com\/wp-content\/uploads\/2023\/06\/fioriera-finita-vista-interna-600x800.webp 600w\" sizes=\"(max-width: 1200px) 100vw, 1200px\" \/><\/a>\n\t\t\t<\/dt><\/dl><dl class='gallery-item'>\n\t\t\t<dt class='gallery-icon portrait'>\n\t\t\t\t<a data-elementor-open-lightbox=\"yes\" data-elementor-lightbox-slideshow=\"55c4651\" data-elementor-lightbox-title=\"murocontroterra5\" data-elementor-lightbox-description=\"posa di membrana impermeabile su muro contro terra verticale\" data-e-action-hash=\"#elementor-action%3Aaction%3Dlightbox%26settings%3DeyJpZCI6NDYwMCwidXJsIjoiaHR0cHM6XC9cL2dpb3JkYW5hYmcuY29tXC93cC1jb250ZW50XC91cGxvYWRzXC8yMDIyXC8wN1wvbXVyb2NvbnRyb3RlcnJhNS5qcGciLCJzbGlkZXNob3ciOiI1NWM0NjUxIn0%3D\" href='https:\/\/giordanabg.com\/wp-content\/uploads\/2022\/07\/murocontroterra5.jpg'><img loading=\"lazy\" decoding=\"async\" width=\"500\" height=\"667\" src=\"https:\/\/giordanabg.com\/wp-content\/uploads\/2022\/07\/murocontroterra5.jpg\" class=\"attachment-full size-full\" alt=\"\" aria-describedby=\"gallery-3-4600\" srcset=\"https:\/\/giordanabg.com\/wp-content\/uploads\/2022\/07\/murocontroterra5.jpg 500w, https:\/\/giordanabg.com\/wp-content\/uploads\/2022\/07\/murocontroterra5-225x300.jpg 225w\" sizes=\"(max-width: 500px) 100vw, 500px\" \/><\/a>\n\t\t\t<\/dt>\n\t\t\t\t<dd class='wp-caption-text gallery-caption' id='gallery-3-4600'>\n\t\t\t\tposa di membrana impermeabile su muro contro terra verticale\n\t\t\t\t<\/dd><\/dl><dl class='gallery-item'>\n\t\t\t<dt class='gallery-icon landscape'>\n\t\t\t\t<a data-elementor-open-lightbox=\"yes\" data-elementor-lightbox-slideshow=\"55c4651\" data-elementor-lightbox-title=\"murocontroterra2\" data-elementor-lightbox-description=\"posa di membrana impermeabile su muro contro terra verticale\" data-e-action-hash=\"#elementor-action%3Aaction%3Dlightbox%26settings%3DeyJpZCI6NDU5NiwidXJsIjoiaHR0cHM6XC9cL2dpb3JkYW5hYmcuY29tXC93cC1jb250ZW50XC91cGxvYWRzXC8yMDIyXC8wN1wvbXVyb2NvbnRyb3RlcnJhMi5qcGciLCJzbGlkZXNob3ciOiI1NWM0NjUxIn0%3D\" href='https:\/\/giordanabg.com\/wp-content\/uploads\/2022\/07\/murocontroterra2.jpg'><img loading=\"lazy\" decoding=\"async\" width=\"790\" height=\"590\" src=\"https:\/\/giordanabg.com\/wp-content\/uploads\/2022\/07\/murocontroterra2.jpg\" class=\"attachment-full size-full\" alt=\"\" aria-describedby=\"gallery-3-4596\" srcset=\"https:\/\/giordanabg.com\/wp-content\/uploads\/2022\/07\/murocontroterra2.jpg 790w, https:\/\/giordanabg.com\/wp-content\/uploads\/2022\/07\/murocontroterra2-300x224.jpg 300w, https:\/\/giordanabg.com\/wp-content\/uploads\/2022\/07\/murocontroterra2-768x574.jpg 768w, https:\/\/giordanabg.com\/wp-content\/uploads\/2022\/07\/murocontroterra2-600x448.jpg 600w\" sizes=\"(max-width: 790px) 100vw, 790px\" \/><\/a>\n\t\t\t<\/dt>\n\t\t\t\t<dd class='wp-caption-text gallery-caption' id='gallery-3-4596'>\n\t\t\t\tposa di membrana impermeabile su muro contro terra verticale\n\t\t\t\t<\/dd><\/dl><br style=\"clear: both\" \/><dl class='gallery-item'>\n\t\t\t<dt class='gallery-icon landscape'>\n\t\t\t\t<a data-elementor-open-lightbox=\"yes\" data-elementor-lightbox-slideshow=\"55c4651\" data-elementor-lightbox-title=\"murocontroterra3\" data-elementor-lightbox-description=\"muro contro terra impermeabilizzazione verticale\" data-e-action-hash=\"#elementor-action%3Aaction%3Dlightbox%26settings%3DeyJpZCI6NDU5OCwidXJsIjoiaHR0cHM6XC9cL2dpb3JkYW5hYmcuY29tXC93cC1jb250ZW50XC91cGxvYWRzXC8yMDIyXC8wN1wvbXVyb2NvbnRyb3RlcnJhMy5qcGciLCJzbGlkZXNob3ciOiI1NWM0NjUxIn0%3D\" href='https:\/\/giordanabg.com\/wp-content\/uploads\/2022\/07\/murocontroterra3.jpg'><img loading=\"lazy\" decoding=\"async\" width=\"796\" height=\"595\" src=\"https:\/\/giordanabg.com\/wp-content\/uploads\/2022\/07\/murocontroterra3.jpg\" class=\"attachment-full size-full\" alt=\"\" aria-describedby=\"gallery-3-4598\" srcset=\"https:\/\/giordanabg.com\/wp-content\/uploads\/2022\/07\/murocontroterra3.jpg 796w, https:\/\/giordanabg.com\/wp-content\/uploads\/2022\/07\/murocontroterra3-300x224.jpg 300w, https:\/\/giordanabg.com\/wp-content\/uploads\/2022\/07\/murocontroterra3-768x574.jpg 768w, https:\/\/giordanabg.com\/wp-content\/uploads\/2022\/07\/murocontroterra3-600x448.jpg 600w\" sizes=\"(max-width: 796px) 100vw, 796px\" \/><\/a>\n\t\t\t<\/dt>\n\t\t\t\t<dd class='wp-caption-text gallery-caption' id='gallery-3-4598'>\n\t\t\t\tmuro contro terra impermeabilizzazione verticale\n\t\t\t\t<\/dd><\/dl><dl class='gallery-item'>\n\t\t\t<dt class='gallery-icon landscape'>\n\t\t\t\t<a data-elementor-open-lightbox=\"yes\" data-elementor-lightbox-slideshow=\"55c4651\" data-elementor-lightbox-title=\"murocontroterra\" data-elementor-lightbox-description=\"posa di membrana impermeabile su muro contro terra verticale\" data-e-action-hash=\"#elementor-action%3Aaction%3Dlightbox%26settings%3DeyJpZCI6NDU5NCwidXJsIjoiaHR0cHM6XC9cL2dpb3JkYW5hYmcuY29tXC93cC1jb250ZW50XC91cGxvYWRzXC8yMDIyXC8wN1wvbXVyb2NvbnRyb3RlcnJhLmpwZyIsInNsaWRlc2hvdyI6IjU1YzQ2NTEifQ%3D%3D\" href='https:\/\/giordanabg.com\/wp-content\/uploads\/2022\/07\/murocontroterra.jpg'><img loading=\"lazy\" decoding=\"async\" width=\"1400\" height=\"400\" src=\"https:\/\/giordanabg.com\/wp-content\/uploads\/2022\/07\/murocontroterra.jpg\" class=\"attachment-full size-full\" alt=\"\" aria-describedby=\"gallery-3-4594\" srcset=\"https:\/\/giordanabg.com\/wp-content\/uploads\/2022\/07\/murocontroterra.jpg 1400w, https:\/\/giordanabg.com\/wp-content\/uploads\/2022\/07\/murocontroterra-300x86.jpg 300w, https:\/\/giordanabg.com\/wp-content\/uploads\/2022\/07\/murocontroterra-1024x293.jpg 1024w, https:\/\/giordanabg.com\/wp-content\/uploads\/2022\/07\/murocontroterra-768x219.jpg 768w, https:\/\/giordanabg.com\/wp-content\/uploads\/2022\/07\/murocontroterra-600x171.jpg 600w\" sizes=\"(max-width: 1400px) 100vw, 1400px\" \/><\/a>\n\t\t\t<\/dt>\n\t\t\t\t<dd class='wp-caption-text gallery-caption' id='gallery-3-4594'>\n\t\t\t\tposa di membrana impermeabile su muro contro terra verticale\n\t\t\t\t<\/dd><\/dl><dl class='gallery-item'>\n\t\t\t<dt class='gallery-icon landscape'>\n\t\t\t\t<a data-elementor-open-lightbox=\"yes\" data-elementor-lightbox-slideshow=\"55c4651\" data-elementor-lightbox-title=\"tinteggiatura-condominio\" data-elementor-lightbox-description=\"Montaggio di ponteggio su involucro abitativo per lavori di tinteggiatura completa\" data-e-action-hash=\"#elementor-action%3Aaction%3Dlightbox%26settings%3DeyJpZCI6NDgzNiwidXJsIjoiaHR0cHM6XC9cL2dpb3JkYW5hYmcuY29tXC93cC1jb250ZW50XC91cGxvYWRzXC8yMDIyXC8xMVwvdGludGVnZ2lhdHVyYS1jb25kb21pbmlvLndlYnAiLCJzbGlkZXNob3ciOiI1NWM0NjUxIn0%3D\" href='https:\/\/giordanabg.com\/wp-content\/uploads\/2022\/11\/tinteggiatura-condominio.webp'><img loading=\"lazy\" decoding=\"async\" width=\"2560\" height=\"1536\" src=\"https:\/\/giordanabg.com\/wp-content\/uploads\/2022\/11\/tinteggiatura-condominio.webp\" class=\"attachment-full size-full\" alt=\"\" aria-describedby=\"gallery-3-4836\" srcset=\"https:\/\/giordanabg.com\/wp-content\/uploads\/2022\/11\/tinteggiatura-condominio.webp 2560w, https:\/\/giordanabg.com\/wp-content\/uploads\/2022\/11\/tinteggiatura-condominio-300x180.webp 300w, https:\/\/giordanabg.com\/wp-content\/uploads\/2022\/11\/tinteggiatura-condominio-1024x614.webp 1024w, https:\/\/giordanabg.com\/wp-content\/uploads\/2022\/11\/tinteggiatura-condominio-768x461.webp 768w, https:\/\/giordanabg.com\/wp-content\/uploads\/2022\/11\/tinteggiatura-condominio-1536x922.webp 1536w, https:\/\/giordanabg.com\/wp-content\/uploads\/2022\/11\/tinteggiatura-condominio-2048x1229.webp 2048w, https:\/\/giordanabg.com\/wp-content\/uploads\/2022\/11\/tinteggiatura-condominio-600x360.webp 600w\" sizes=\"(max-width: 2560px) 100vw, 2560px\" \/><\/a>\n\t\t\t<\/dt>\n\t\t\t\t<dd class='wp-caption-text gallery-caption' id='gallery-3-4836'>\n\t\t\t\tMontaggio di ponteggio su involucro abitativo per lavori di tinteggiatura completa\n\t\t\t\t<\/dd><\/dl><dl class='gallery-item'>\n\t\t\t<dt class='gallery-icon landscape'>\n\t\t\t\t<a data-elementor-open-lightbox=\"yes\" data-elementor-lightbox-slideshow=\"55c4651\" data-elementor-lightbox-title=\"pannelli-fotovoltaici\" data-elementor-lightbox-description=\"Montaggio di ponteggio su involucro abitativo per lavori di tinteggiatura completa\" data-e-action-hash=\"#elementor-action%3Aaction%3Dlightbox%26settings%3DeyJpZCI6NDU3NiwidXJsIjoiaHR0cHM6XC9cL2dpb3JkYW5hYmcuY29tXC93cC1jb250ZW50XC91cGxvYWRzXC8yMDIyXC8wN1wvcGFubmVsbGktZm90b3ZvbHRhaWNpLmpwZyIsInNsaWRlc2hvdyI6IjU1YzQ2NTEifQ%3D%3D\" href='https:\/\/giordanabg.com\/wp-content\/uploads\/2022\/07\/pannelli-fotovoltaici.jpg'><img loading=\"lazy\" decoding=\"async\" width=\"1503\" height=\"1000\" src=\"https:\/\/giordanabg.com\/wp-content\/uploads\/2022\/07\/pannelli-fotovoltaici.jpg\" class=\"attachment-full size-full\" alt=\"\" srcset=\"https:\/\/giordanabg.com\/wp-content\/uploads\/2022\/07\/pannelli-fotovoltaici.jpg 1503w, https:\/\/giordanabg.com\/wp-content\/uploads\/2022\/07\/pannelli-fotovoltaici-300x200.jpg 300w, https:\/\/giordanabg.com\/wp-content\/uploads\/2022\/07\/pannelli-fotovoltaici-1024x681.jpg 1024w, https:\/\/giordanabg.com\/wp-content\/uploads\/2022\/07\/pannelli-fotovoltaici-768x511.jpg 768w, https:\/\/giordanabg.com\/wp-content\/uploads\/2022\/07\/pannelli-fotovoltaici-600x399.jpg 600w\" sizes=\"(max-width: 1503px) 100vw, 1503px\" \/><\/a>\n\t\t\t<\/dt><\/dl><br style=\"clear: both\" \/><dl class='gallery-item'>\n\t\t\t<dt class='gallery-icon landscape'>\n\t\t\t\t<a data-elementor-open-lightbox=\"yes\" data-elementor-lightbox-slideshow=\"55c4651\" data-elementor-lightbox-title=\"cappotto-termico-fasi\" data-elementor-lightbox-description=\"Montaggio di ponteggio su involucro abitativo per lavori di tinteggiatura completa\" data-e-action-hash=\"#elementor-action%3Aaction%3Dlightbox%26settings%3DeyJpZCI6NDU2OCwidXJsIjoiaHR0cHM6XC9cL2dpb3JkYW5hYmcuY29tXC93cC1jb250ZW50XC91cGxvYWRzXC8yMDIyXC8wN1wvY2FwcG90dG8tdGVybWljby1mYXNpLmpwZyIsInNsaWRlc2hvdyI6IjU1YzQ2NTEifQ%3D%3D\" href='https:\/\/giordanabg.com\/wp-content\/uploads\/2022\/07\/cappotto-termico-fasi.jpg'><img loading=\"lazy\" decoding=\"async\" width=\"1503\" height=\"1000\" src=\"https:\/\/giordanabg.com\/wp-content\/uploads\/2022\/07\/cappotto-termico-fasi.jpg\" class=\"attachment-full size-full\" alt=\"\" srcset=\"https:\/\/giordanabg.com\/wp-content\/uploads\/2022\/07\/cappotto-termico-fasi.jpg 1503w, https:\/\/giordanabg.com\/wp-content\/uploads\/2022\/07\/cappotto-termico-fasi-300x200.jpg 300w, https:\/\/giordanabg.com\/wp-content\/uploads\/2022\/07\/cappotto-termico-fasi-1024x681.jpg 1024w, https:\/\/giordanabg.com\/wp-content\/uploads\/2022\/07\/cappotto-termico-fasi-768x511.jpg 768w, https:\/\/giordanabg.com\/wp-content\/uploads\/2022\/07\/cappotto-termico-fasi-600x399.jpg 600w\" sizes=\"(max-width: 1503px) 100vw, 1503px\" \/><\/a>\n\t\t\t<\/dt><\/dl>\n\t\t\t<br style='clear: both' \/>\n\t\t<\/div>\n\t\t<\/div>\n\t\t\t\t\t\t<\/div>\n\t\t\t\t<\/div>\n\t\t\t\t<div class=\"elementor-element elementor-element-25bc360 elementor-widget elementor-widget-heading\" data-id=\"25bc360\" data-element_type=\"widget\" data-e-type=\"widget\" data-widget_type=\"heading.default\">\n\t\t\t\t<div class=\"elementor-widget-container\">\n\t\t\t\t\t<h2 class=\"elementor-heading-title elementor-size-default\">Travaux Industriels<\/h2>\t\t\t\t<\/div>\n\t\t\t\t<\/div>\n\t\t\t\t<div class=\"elementor-element elementor-element-c5e66e0 elementor-widget elementor-widget-image-gallery\" data-id=\"c5e66e0\" data-element_type=\"widget\" data-e-type=\"widget\" data-widget_type=\"image-gallery.default\">\n\t\t\t\t<div class=\"elementor-widget-container\">\n\t\t\t\t\t\t\t<div class=\"elementor-image-gallery\">\n\t\t\t\n\t\t<style type=\"text\/css\">\n\t\t\t#gallery-4 {\n\t\t\t\tmargin: auto;\n\t\t\t}\n\t\t\t#gallery-4 .gallery-item {\n\t\t\t\tfloat: left;\n\t\t\t\tmargin-top: 10px;\n\t\t\t\ttext-align: center;\n\t\t\t\twidth: 25%;\n\t\t\t}\n\t\t\t#gallery-4 img {\n\t\t\t\tborder: 2px solid #cfcfcf;\n\t\t\t}\n\t\t\t#gallery-4 .gallery-caption {\n\t\t\t\tmargin-left: 0;\n\t\t\t}\n\t\t\t\/* see gallery_shortcode() in wp-includes\/media.php *\/\n\t\t<\/style>\n\t\t<div id='gallery-4' class='gallery galleryid-5551 gallery-columns-4 gallery-size-full'><dl class='gallery-item'>\n\t\t\t<dt class='gallery-icon landscape'>\n\t\t\t\t<a data-elementor-open-lightbox=\"yes\" data-elementor-lightbox-slideshow=\"c5e66e0\" data-elementor-lightbox-title=\"isolamento-tegoli-alari-montaggio-lucernari-prefabbricato\" data-elementor-lightbox-description=\"impermeabilizzazione e isolamento prefabbricato\" data-e-action-hash=\"#elementor-action%3Aaction%3Dlightbox%26settings%3DeyJpZCI6NDgzNCwidXJsIjoiaHR0cHM6XC9cL2dpb3JkYW5hYmcuY29tXC93cC1jb250ZW50XC91cGxvYWRzXC8yMDIyXC8xMlwvaXNvbGFtZW50by10ZWdvbGktYWxhcmktbW9udGFnZ2lvLWx1Y2VybmFyaS1wcmVmYWJicmljYXRvLndlYnAiLCJzbGlkZXNob3ciOiJjNWU2NmUwIn0%3D\" href='https:\/\/giordanabg.com\/wp-content\/uploads\/2022\/12\/isolamento-tegoli-alari-montaggio-lucernari-prefabbricato.webp'><img loading=\"lazy\" decoding=\"async\" width=\"1600\" height=\"1200\" src=\"https:\/\/giordanabg.com\/wp-content\/uploads\/2022\/12\/isolamento-tegoli-alari-montaggio-lucernari-prefabbricato.webp\" class=\"attachment-full size-full\" alt=\"\" aria-describedby=\"gallery-4-4834\" srcset=\"https:\/\/giordanabg.com\/wp-content\/uploads\/2022\/12\/isolamento-tegoli-alari-montaggio-lucernari-prefabbricato.webp 1600w, https:\/\/giordanabg.com\/wp-content\/uploads\/2022\/12\/isolamento-tegoli-alari-montaggio-lucernari-prefabbricato-300x225.webp 300w, https:\/\/giordanabg.com\/wp-content\/uploads\/2022\/12\/isolamento-tegoli-alari-montaggio-lucernari-prefabbricato-1024x768.webp 1024w, https:\/\/giordanabg.com\/wp-content\/uploads\/2022\/12\/isolamento-tegoli-alari-montaggio-lucernari-prefabbricato-768x576.webp 768w, https:\/\/giordanabg.com\/wp-content\/uploads\/2022\/12\/isolamento-tegoli-alari-montaggio-lucernari-prefabbricato-1536x1152.webp 1536w, https:\/\/giordanabg.com\/wp-content\/uploads\/2022\/12\/isolamento-tegoli-alari-montaggio-lucernari-prefabbricato-600x450.webp 600w\" sizes=\"(max-width: 1600px) 100vw, 1600px\" \/><\/a>\n\t\t\t<\/dt>\n\t\t\t\t<dd class='wp-caption-text gallery-caption' id='gallery-4-4834'>\n\t\t\t\timpermeabilizzazione e isolamento prefabbricato\n\t\t\t\t<\/dd><\/dl><dl class='gallery-item'>\n\t\t\t<dt class='gallery-icon landscape'>\n\t\t\t\t<a data-elementor-open-lightbox=\"yes\" data-elementor-lightbox-slideshow=\"c5e66e0\" data-elementor-lightbox-title=\"lucernari-prefabbricato\" data-elementor-lightbox-description=\"posa di lucernari su nuovo prefabbricato\" data-e-action-hash=\"#elementor-action%3Aaction%3Dlightbox%26settings%3DeyJpZCI6NDUzMCwidXJsIjoiaHR0cHM6XC9cL2dpb3JkYW5hYmcuY29tXC93cC1jb250ZW50XC91cGxvYWRzXC8yMDIyXC8wN1wvaXNvbGFtZW50by10ZWdvbGktYWxhcmktbW9udGFnZ2lvLWx1Y2VybmFyaS1wcmVmYWJicmljYXRvLmpwZyIsInNsaWRlc2hvdyI6ImM1ZTY2ZTAifQ%3D%3D\" href='https:\/\/giordanabg.com\/wp-content\/uploads\/2022\/07\/isolamento-tegoli-alari-montaggio-lucernari-prefabbricato.jpg'><img loading=\"lazy\" decoding=\"async\" width=\"1600\" height=\"1200\" src=\"https:\/\/giordanabg.com\/wp-content\/uploads\/2022\/07\/isolamento-tegoli-alari-montaggio-lucernari-prefabbricato.jpg\" class=\"attachment-full size-full\" alt=\"\" srcset=\"https:\/\/giordanabg.com\/wp-content\/uploads\/2022\/07\/isolamento-tegoli-alari-montaggio-lucernari-prefabbricato.jpg 1600w, https:\/\/giordanabg.com\/wp-content\/uploads\/2022\/07\/isolamento-tegoli-alari-montaggio-lucernari-prefabbricato-300x225.jpg 300w, https:\/\/giordanabg.com\/wp-content\/uploads\/2022\/07\/isolamento-tegoli-alari-montaggio-lucernari-prefabbricato-1024x768.jpg 1024w, https:\/\/giordanabg.com\/wp-content\/uploads\/2022\/07\/isolamento-tegoli-alari-montaggio-lucernari-prefabbricato-768x576.jpg 768w, https:\/\/giordanabg.com\/wp-content\/uploads\/2022\/07\/isolamento-tegoli-alari-montaggio-lucernari-prefabbricato-1536x1152.jpg 1536w, https:\/\/giordanabg.com\/wp-content\/uploads\/2022\/07\/isolamento-tegoli-alari-montaggio-lucernari-prefabbricato-600x450.jpg 600w\" sizes=\"(max-width: 1600px) 100vw, 1600px\" \/><\/a>\n\t\t\t<\/dt><\/dl><dl class='gallery-item'>\n\t\t\t<dt class='gallery-icon landscape'>\n\t\t\t\t<a data-elementor-open-lightbox=\"yes\" data-elementor-lightbox-slideshow=\"c5e66e0\" data-elementor-lightbox-title=\"isolamento-tegoli-alari-prefabbricato\" data-elementor-lightbox-description=\"posa di lucernari su nuovo prefabbricato\" data-e-action-hash=\"#elementor-action%3Aaction%3Dlightbox%26settings%3DeyJpZCI6NDUzMiwidXJsIjoiaHR0cHM6XC9cL2dpb3JkYW5hYmcuY29tXC93cC1jb250ZW50XC91cGxvYWRzXC8yMDIyXC8wN1wvaXNvbGFtZW50by10ZWdvbGktYWxhcmktcHJlZmFiYnJpY2F0by5qcGciLCJzbGlkZXNob3ciOiJjNWU2NmUwIn0%3D\" href='https:\/\/giordanabg.com\/wp-content\/uploads\/2022\/07\/isolamento-tegoli-alari-prefabbricato.jpg'><img loading=\"lazy\" decoding=\"async\" width=\"1600\" height=\"1200\" src=\"https:\/\/giordanabg.com\/wp-content\/uploads\/2022\/07\/isolamento-tegoli-alari-prefabbricato.jpg\" class=\"attachment-full size-full\" alt=\"\" srcset=\"https:\/\/giordanabg.com\/wp-content\/uploads\/2022\/07\/isolamento-tegoli-alari-prefabbricato.jpg 1600w, https:\/\/giordanabg.com\/wp-content\/uploads\/2022\/07\/isolamento-tegoli-alari-prefabbricato-300x225.jpg 300w, https:\/\/giordanabg.com\/wp-content\/uploads\/2022\/07\/isolamento-tegoli-alari-prefabbricato-1024x768.jpg 1024w, https:\/\/giordanabg.com\/wp-content\/uploads\/2022\/07\/isolamento-tegoli-alari-prefabbricato-768x576.jpg 768w, https:\/\/giordanabg.com\/wp-content\/uploads\/2022\/07\/isolamento-tegoli-alari-prefabbricato-1536x1152.jpg 1536w, https:\/\/giordanabg.com\/wp-content\/uploads\/2022\/07\/isolamento-tegoli-alari-prefabbricato-600x450.jpg 600w\" sizes=\"(max-width: 1600px) 100vw, 1600px\" \/><\/a>\n\t\t\t<\/dt><\/dl><dl class='gallery-item'>\n\t\t\t<dt class='gallery-icon landscape'>\n\t\t\t\t<a data-elementor-open-lightbox=\"yes\" data-elementor-lightbox-slideshow=\"c5e66e0\" data-elementor-lightbox-title=\"pittura-solaris-shed-michelin-cuneo-scaled\" data-elementor-lightbox-description=\"vernice termoisolante protettiva metallizzante su shed di Michelin cuneo\" data-e-action-hash=\"#elementor-action%3Aaction%3Dlightbox%26settings%3DeyJpZCI6NDgzOCwidXJsIjoiaHR0cHM6XC9cL2dpb3JkYW5hYmcuY29tXC93cC1jb250ZW50XC91cGxvYWRzXC8yMDIyXC8xMVwvcGl0dHVyYS1zb2xhcmlzLXNoZWQtbWljaGVsaW4tY3VuZW8tc2NhbGVkLTEud2VicCIsInNsaWRlc2hvdyI6ImM1ZTY2ZTAifQ%3D%3D\" href='https:\/\/giordanabg.com\/wp-content\/uploads\/2022\/11\/pittura-solaris-shed-michelin-cuneo-scaled-1.webp'><img loading=\"lazy\" decoding=\"async\" width=\"2560\" height=\"1916\" src=\"https:\/\/giordanabg.com\/wp-content\/uploads\/2022\/11\/pittura-solaris-shed-michelin-cuneo-scaled-1.webp\" class=\"attachment-full size-full\" alt=\"\" aria-describedby=\"gallery-4-4838\" srcset=\"https:\/\/giordanabg.com\/wp-content\/uploads\/2022\/11\/pittura-solaris-shed-michelin-cuneo-scaled-1.webp 2560w, https:\/\/giordanabg.com\/wp-content\/uploads\/2022\/11\/pittura-solaris-shed-michelin-cuneo-scaled-1-300x225.webp 300w, https:\/\/giordanabg.com\/wp-content\/uploads\/2022\/11\/pittura-solaris-shed-michelin-cuneo-scaled-1-1024x766.webp 1024w, https:\/\/giordanabg.com\/wp-content\/uploads\/2022\/11\/pittura-solaris-shed-michelin-cuneo-scaled-1-768x575.webp 768w, https:\/\/giordanabg.com\/wp-content\/uploads\/2022\/11\/pittura-solaris-shed-michelin-cuneo-scaled-1-1536x1150.webp 1536w, https:\/\/giordanabg.com\/wp-content\/uploads\/2022\/11\/pittura-solaris-shed-michelin-cuneo-scaled-1-2048x1533.webp 2048w, https:\/\/giordanabg.com\/wp-content\/uploads\/2022\/11\/pittura-solaris-shed-michelin-cuneo-scaled-1-600x449.webp 600w\" sizes=\"(max-width: 2560px) 100vw, 2560px\" \/><\/a>\n\t\t\t<\/dt>\n\t\t\t\t<dd class='wp-caption-text gallery-caption' id='gallery-4-4838'>\n\t\t\t\tvernice termoisolante protettiva metallizzante su shed di Michelin cuneo\n\t\t\t\t<\/dd><\/dl><br style=\"clear: both\" \/><dl class='gallery-item'>\n\t\t\t<dt class='gallery-icon landscape'>\n\t\t\t\t<a data-elementor-open-lightbox=\"yes\" data-elementor-lightbox-slideshow=\"c5e66e0\" data-elementor-lightbox-title=\"posa-lana\" data-elementor-lightbox-description=\"vernice termoisolante protettiva metallizzante su shed di Michelin cuneo\" data-e-action-hash=\"#elementor-action%3Aaction%3Dlightbox%26settings%3DeyJpZCI6NDU3NCwidXJsIjoiaHR0cHM6XC9cL2dpb3JkYW5hYmcuY29tXC93cC1jb250ZW50XC91cGxvYWRzXC8yMDIyXC8wN1wvcG9zYS1sYW5hLmpwZyIsInNsaWRlc2hvdyI6ImM1ZTY2ZTAifQ%3D%3D\" href='https:\/\/giordanabg.com\/wp-content\/uploads\/2022\/07\/posa-lana.jpg'><img loading=\"lazy\" decoding=\"async\" width=\"1503\" height=\"1000\" src=\"https:\/\/giordanabg.com\/wp-content\/uploads\/2022\/07\/posa-lana.jpg\" class=\"attachment-full size-full\" alt=\"\" srcset=\"https:\/\/giordanabg.com\/wp-content\/uploads\/2022\/07\/posa-lana.jpg 1503w, https:\/\/giordanabg.com\/wp-content\/uploads\/2022\/07\/posa-lana-300x200.jpg 300w, https:\/\/giordanabg.com\/wp-content\/uploads\/2022\/07\/posa-lana-1024x681.jpg 1024w, https:\/\/giordanabg.com\/wp-content\/uploads\/2022\/07\/posa-lana-768x511.jpg 768w, https:\/\/giordanabg.com\/wp-content\/uploads\/2022\/07\/posa-lana-600x399.jpg 600w\" sizes=\"(max-width: 1503px) 100vw, 1503px\" \/><\/a>\n\t\t\t<\/dt><\/dl>\n\t\t\t<br style='clear: both' \/>\n\t\t<\/div>\n\t\t<\/div>\n\t\t\t\t\t\t<\/div>\n\t\t\t\t<\/div>\n\t\t\t\t\t<\/div>\n\t\t<\/div>\n\t\t\t\t\t<\/div>\n\t\t<\/section>\n\t\t\t\t<section class=\"elementor-section elementor-top-section elementor-element elementor-element-cae40f5 elementor-section-boxed elementor-section-height-default elementor-section-height-default\" data-id=\"cae40f5\" data-element_type=\"section\" data-e-type=\"section\">\n\t\t\t\t\t\t<div class=\"elementor-container elementor-column-gap-default\">\n\t\t\t\t\t<div class=\"elementor-column elementor-col-100 elementor-top-column elementor-element elementor-element-45571d1\" data-id=\"45571d1\" data-element_type=\"column\" data-e-type=\"column\">\n\t\t\t<div class=\"elementor-widget-wrap elementor-element-populated\">\n\t\t\t\t\t\t<div class=\"elementor-element elementor-element-d2507eb elementor-widget elementor-widget-text-editor\" data-id=\"d2507eb\" data-element_type=\"widget\" data-e-type=\"widget\" data-widget_type=\"text-editor.default\">\n\t\t\t\t<div class=\"elementor-widget-container\">\n\t\t\t\t\t\t\t\t\t<p>Exp\u00e9rience et professionnalisme caract\u00e9risent notre <strong>entreprise de construction \u00e0 Fossano<\/strong>, au c\u0153ur de la <strong>province de Coni<\/strong>. Nous proposons une large gamme de services de construction pour r\u00e9pondre aux besoins de nos clients. Sur cette page, nous pr\u00e9sentons quelques-unes des r\u00e9alisations r\u00e9alis\u00e9es par notre entreprise au fil du temps : de <strong>la r\u00e9novation et de la r\u00e9fection de b\u00e2timents et de toitures \u00e0 l&rsquo;isolation thermique<\/strong> et <strong>acoustique<\/strong>, en passant par le <strong>d\u00e9samiantage en toute s\u00e9curit\u00e9<\/strong>, l&rsquo;installation de syst\u00e8mes photovolta\u00efques pour un avenir durable et la garantie d&rsquo;une <strong>\u00e9tanch\u00e9it\u00e9 et d&rsquo;une isolation<\/strong> parfaites. Avec notre <strong>entreprise de construction dans la province de Coni<\/strong>, vous avez la garantie d&rsquo;un travail r\u00e9alis\u00e9 avec soin et pr\u00e9cision, gr\u00e2ce \u00e0 des technologies de pointe : parcourez notre galerie de r\u00e9alisations et n&rsquo;h\u00e9sitez pas \u00e0 nous contacter pour toute information.    <\/p>\t\t\t\t\t\t\t\t<\/div>\n\t\t\t\t<\/div>\n\t\t\t\t\t<\/div>\n\t\t<\/div>\n\t\t\t\t\t<\/div>\n\t\t<\/section>\n\t\t\t\t<section class=\"elementor-section elementor-top-section elementor-element elementor-element-e11f629 elementor-section-boxed elementor-section-height-default elementor-section-height-default\" data-id=\"e11f629\" data-element_type=\"section\" data-e-type=\"section\">\n\t\t\t\t\t\t<div class=\"elementor-container elementor-column-gap-default\">\n\t\t\t\t\t<div class=\"elementor-column elementor-col-100 elementor-top-column elementor-element elementor-element-b7297f7\" data-id=\"b7297f7\" data-element_type=\"column\" data-e-type=\"column\">\n\t\t\t<div class=\"elementor-widget-wrap elementor-element-populated\">\n\t\t\t\t\t\t<div class=\"elementor-element elementor-element-4336f82 elementor-align-center elementor-mobile-align-center elementor-widget elementor-widget-button\" data-id=\"4336f82\" data-element_type=\"widget\" data-e-type=\"widget\" data-widget_type=\"button.default\">\n\t\t\t\t<div class=\"elementor-widget-container\">\n\t\t\t\t\t\t\t\t\t<div class=\"elementor-button-wrapper\">\n\t\t\t\t\t<a class=\"elementor-button elementor-button-link elementor-size-sm\" href=\"https:\/\/giordanabg.com\/contatti\/\">\n\t\t\t\t\t\t<span class=\"elementor-button-content-wrapper\">\n\t\t\t\t\t\t\t\t\t<span class=\"elementor-button-text\">Contacts<\/span>\n\t\t\t\t\t<\/span>\n\t\t\t\t\t<\/a>\n\t\t\t\t<\/div>\n\t\t\t\t\t\t\t\t<\/div>\n\t\t\t\t<\/div>\n\t\t\t\t\t<\/div>\n\t\t<\/div>\n\t\t\t\t\t<\/div>\n\t\t<\/section>\n\t\t\t\t<\/div>\n\t\t","protected":false},"excerpt":{"rendered":"<p>Travaux de construction restauro di portico antico sito a Fossano fine lavori di tinteggiatura condominio a Fossano D\u00e9samiantage et \u00e9limination de l&rsquo;amiante lastre di copertura contenenti amianto copertura in lastre amianto compatto lavori in corso di bonifica e rimozione amianto compatto Rimozione totale delle lastre in amianto con sostituzione in lamiera multigreca Travaux de g\u00e9nie [&hellip;]<\/p>\n","protected":false},"author":1,"featured_media":0,"parent":0,"menu_order":0,"comment_status":"closed","ping_status":"closed","template":"","meta":{"iawp_total_views":17,"footnotes":""},"class_list":["post-5551","page","type-page","status-publish","hentry"],"_links":{"self":[{"href":"https:\/\/giordanabg.com\/fr\/wp-json\/wp\/v2\/pages\/5551","targetHints":{"allow":["GET"]}}],"collection":[{"href":"https:\/\/giordanabg.com\/fr\/wp-json\/wp\/v2\/pages"}],"about":[{"href":"https:\/\/giordanabg.com\/fr\/wp-json\/wp\/v2\/types\/page"}],"author":[{"embeddable":true,"href":"https:\/\/giordanabg.com\/fr\/wp-json\/wp\/v2\/users\/1"}],"replies":[{"embeddable":true,"href":"https:\/\/giordanabg.com\/fr\/wp-json\/wp\/v2\/comments?post=5551"}],"version-history":[{"count":34,"href":"https:\/\/giordanabg.com\/fr\/wp-json\/wp\/v2\/pages\/5551\/revisions"}],"predecessor-version":[{"id":5594,"href":"https:\/\/giordanabg.com\/fr\/wp-json\/wp\/v2\/pages\/5551\/revisions\/5594"}],"wp:attachment":[{"href":"https:\/\/giordanabg.com\/fr\/wp-json\/wp\/v2\/media?parent=5551"}],"curies":[{"name":"wp","href":"https:\/\/api.w.org\/{rel}","templated":true}]}}